{"id":486,"date":"2023-07-19T10:55:23","date_gmt":"2023-07-19T08:55:23","guid":{"rendered":"https:\/\/dkhadersleben.dk\/grupper\/"},"modified":"2026-01-23T11:04:09","modified_gmt":"2026-01-23T10:04:09","slug":"grupper","status":"publish","type":"page","link":"https:\/\/dkhadersleben.dk\/da\/grupper\/","title":{"rendered":"Grupper"},"content":{"rendered":"<p>[et_pb_section fb_built=&#8221;1&#8243; custom_padding_last_edited=&#8221;on|tablet&#8221; next_background_color=&#8221;#ffffff&#8221; admin_label=&#8221;Hero&#8221; _builder_version=&#8221;4.21.0&#8243; background_enable_color=&#8221;off&#8221; use_background_color_gradient=&#8221;on&#8221; background_color_gradient_stops=&#8221;rgba(224,66,84,0.4) 0%|rgba(254,206,85,0.4) 48%|rgba(102,152,208,0.4) 100%&#8221; background_image=&#8221;https:\/\/dkhadersleben.dk\/wp-content\/uploads\/2023\/07\/babys-less-than-year-old-playing-with-toys-1-scaled.jpg&#8221; background_blend=&#8221;overlay&#8221; custom_padding=&#8221;110px|0px|160px|0px|false|false&#8221; custom_padding_tablet=&#8221;50px||50px||true&#8221; custom_padding_phone=&#8221;|||&#8221; bottom_divider_style=&#8221;asymmetric&#8221; bottom_divider_height=&#8221;50px&#8221; bottom_divider_flip=&#8221;horizontal&#8221; bottom_divider_height_tablet=&#8221;90px&#8221; bottom_divider_height_phone=&#8221;80px&#8221; global_colors_info=&#8221;{}&#8221;][et_pb_row _builder_version=&#8221;4.21.0&#8243; width=&#8221;70%&#8221; custom_width_px=&#8221;1280px&#8221; global_colors_info=&#8221;{}&#8221;][et_pb_column type=&#8221;4_4&#8243; _builder_version=&#8221;4.16&#8243; custom_padding=&#8221;|||&#8221; global_colors_info=&#8221;{}&#8221; custom_padding__hover=&#8221;|||&#8221;][et_pb_text _builder_version=&#8221;4.21.0&#8243; text_font=&#8221;Montserrat|800|||||||&#8221; text_text_color=&#8221;rgba(255,255,255,0.7)&#8221; text_font_size=&#8221;20px&#8221; text_line_height=&#8221;1.8em&#8221; header_font=&#8221;Montserrat|700|||||||&#8221; header_font_size=&#8221;44px&#8221; header_line_height=&#8221;1.4em&#8221; header_2_font=&#8221;|||on|||||&#8221; header_2_font_size=&#8221;16px&#8221; header_6_font=&#8221;Montserrat|600||on|||||&#8221; header_6_text_color=&#8221;rgba(255,255,255,0.7)&#8221; header_6_font_size=&#8221;16px&#8221; header_6_letter_spacing=&#8221;2px&#8221; header_6_line_height=&#8221;1.5em&#8221; background_layout=&#8221;dark&#8221; max_width=&#8221;780px&#8221; text_font_size_tablet=&#8221;&#8221; text_font_size_phone=&#8221;15px&#8221; text_font_size_last_edited=&#8221;on|phone&#8221; header_font_size_tablet=&#8221;&#8221; header_font_size_phone=&#8221;28px&#8221; header_font_size_last_edited=&#8221;on|phone&#8221; global_colors_info=&#8221;{}&#8221;]<\/p>\n<p style=\"text-align: center;\">VORES<\/p>\n<h1 style=\"text-align: center;\"><strong>GRUPPER<\/strong><\/h1>\n<p>[\/et_pb_text][\/et_pb_column][\/et_pb_row][\/et_pb_section][et_pb_section fb_built=&#8221;1&#8243; _builder_version=&#8221;4.21.0&#8243; _module_preset=&#8221;default&#8221; custom_padding=&#8221;0px||14px|||&#8221; global_colors_info=&#8221;{}&#8221;][et_pb_row column_structure=&#8221;2_5,3_5&#8243; _builder_version=&#8221;4.21.0&#8243; _module_preset=&#8221;default&#8221; custom_padding=&#8221;43px||0px|||&#8221; global_colors_info=&#8221;{}&#8221;][et_pb_column type=&#8221;2_5&#8243; _builder_version=&#8221;4.21.0&#8243; _module_preset=&#8221;default&#8221; global_colors_info=&#8221;{}&#8221;][et_pb_image src=&#8221;https:\/\/dkhadersleben.dk\/wp-content\/uploads\/2023\/07\/babys-less-than-year-old-playing-with-toys-1-scaled.jpg&#8221; title_text=&#8221;babyer-der-leger-med-leget\u00f8j&#8221; _builder_version=&#8221;4.21.0&#8243; _module_preset=&#8221;default&#8221; global_colors_info=&#8221;{}&#8221;][\/et_pb_image][\/et_pb_column][et_pb_column type=&#8221;3_5&#8243; _builder_version=&#8221;4.21.0&#8243; _module_preset=&#8221;default&#8221; global_colors_info=&#8221;{}&#8221;][et_pb_text ul_item_indent=&#8221;11px&#8221; _builder_version=&#8221;4.21.0&#8243; _module_preset=&#8221;default&#8221; ul_text_color=&#8221;#009B91&#8243; ul_line_height=&#8221;1.2em&#8221; global_colors_info=&#8221;{}&#8221;]<\/p>\n<h2><strong>D\u00e4umlinge<\/strong><\/h2>\n<p>I D\u00e4umlinge gruppen l\u00e6gger vi v\u00e6gt p\u00e5 det relationelle arbejde mellem de voksne og b\u00f8rnene og samarbejde med for\u00e6ldrene. I gruppen l\u00e6gges grundstenen for den begyndende sproglige udvikling og b\u00f8rnene v\u00e6nnes lige s\u00e5 stille til husets daglige rytme som bl.a. faste sove- og spisetider. Hos D\u00e4umlinge er barnets trivsel det mest centrale emne.<\/p>\n<p><strong>Alder: 6 m\u00e5neder &#8211; 2 \u00e5r<\/strong><\/p>\n<p>[\/et_pb_text][\/et_pb_column][\/et_pb_row][\/et_pb_section][et_pb_section fb_built=&#8221;1&#8243; _builder_version=&#8221;4.21.0&#8243; _module_preset=&#8221;default&#8221; custom_padding=&#8221;0px||14px|||&#8221; global_colors_info=&#8221;{}&#8221;][et_pb_row column_structure=&#8221;2_5,3_5&#8243; _builder_version=&#8221;4.27.5&#8243; _module_preset=&#8221;default&#8221; custom_padding=&#8221;43px||0px|||&#8221; hover_enabled=&#8221;0&#8243; global_colors_info=&#8221;{}&#8221; sticky_enabled=&#8221;0&#8243;][et_pb_column type=&#8221;2_5&#8243; _builder_version=&#8221;4.21.0&#8243; _module_preset=&#8221;default&#8221; global_colors_info=&#8221;{}&#8221;][et_pb_image src=&#8221;https:\/\/dkhadersleben.dk\/wp-content\/uploads\/2023\/07\/two-boys-brothers-running-autumn-park-scaled.jpg&#8221; title_text=&#8221;To drengebr\u00f8dre l\u00f8ber i en efter\u00e5rspark&#8221; _builder_version=&#8221;4.22.1&#8243; _module_preset=&#8221;default&#8221; global_colors_info=&#8221;{}&#8221;][\/et_pb_image][\/et_pb_column][et_pb_column type=&#8221;3_5&#8243; _builder_version=&#8221;4.21.0&#8243; _module_preset=&#8221;default&#8221; global_colors_info=&#8221;{}&#8221;][et_pb_text ul_item_indent=&#8221;11px&#8221; _builder_version=&#8221;4.21.0&#8243; _module_preset=&#8221;default&#8221; ul_text_color=&#8221;#009B91&#8243; ul_line_height=&#8221;1.2em&#8221; global_colors_info=&#8221;{}&#8221;]<\/p>\n<h2><strong>Zwerge<\/strong><\/h2>\n<p>I Zwerge-gruppen l\u00e6gger v\u00e6gt p\u00e5 sprogudvikling, som er hovedfokus der, og der l\u00e6gges v\u00e6gt p\u00e5 en afbalanceret blanding af tysk og dansk, hvor fokus her er p\u00e5 tysk. Desuden l\u00e6gges der stor v\u00e6gt p\u00e5 bev\u00e6gelse og motoriske f\u00e6rdigheder, som fremmes gennem aktivitetsrummet og sport (1 gang om ugen) i sportshallen p\u00e5 den tyske skole.<\/p>\n<p><strong>Alder: 2 &#8211; 3,5 \u00e5r<\/strong><\/p>\n<p>[\/et_pb_text][\/et_pb_column][\/et_pb_row][\/et_pb_section][et_pb_section fb_built=&#8221;1&#8243; _builder_version=&#8221;4.21.0&#8243; _module_preset=&#8221;default&#8221; custom_padding=&#8221;0px||14px|||&#8221; global_colors_info=&#8221;{}&#8221;][et_pb_row column_structure=&#8221;2_5,3_5&#8243; _builder_version=&#8221;4.27.5&#8243; _module_preset=&#8221;default&#8221; custom_padding=&#8221;43px||0px|||&#8221; hover_enabled=&#8221;0&#8243; global_colors_info=&#8221;{}&#8221; sticky_enabled=&#8221;0&#8243;][et_pb_column type=&#8221;2_5&#8243; _builder_version=&#8221;4.21.0&#8243; _module_preset=&#8221;default&#8221; global_colors_info=&#8221;{}&#8221;][et_pb_image src=&#8221;https:\/\/dkhadersleben.dk\/wp-content\/uploads\/2023\/07\/happy-children-boys-girls-run-park-grass-sunny-summer-day-scaled.jpg&#8221; title_text=&#8221;En gruppe glade b\u00f8rn af drenge og piger l\u00f8ber i parken&#8221; _builder_version=&#8221;4.22.1&#8243; _module_preset=&#8221;default&#8221; global_colors_info=&#8221;{}&#8221;][\/et_pb_image][\/et_pb_column][et_pb_column type=&#8221;3_5&#8243; _builder_version=&#8221;4.21.0&#8243; _module_preset=&#8221;default&#8221; global_colors_info=&#8221;{}&#8221;][et_pb_text ul_item_indent=&#8221;11px&#8221; _builder_version=&#8221;4.21.0&#8243; _module_preset=&#8221;default&#8221; ul_text_color=&#8221;#009B91&#8243; ul_line_height=&#8221;1.2em&#8221; global_colors_info=&#8221;{}&#8221;]<\/p>\n<h2><strong>Schl\u00fcmpfe<\/strong><\/h2>\n<p>Schl\u00fcmpfe-gruppen har b\u00f8rn i alderen ca. 3-5 \u00e5r. I den aldersgruppe opn\u00e5r b\u00f8rn en dybereg\u00e5ende forst\u00e5else for begge sprog der tales i huset.<\/p>\n<p>Vi har ugeplaner som tager l\u00e6replanerne som udgangspunkt. Vi har bl.a. en fast dag i gymnastiksalen og faste kreative dage. Ud over de faste aktiviteter giver vi tilstr\u00e6kkeligt rum til den frie leg for at skabe en balance mellem faste og frie leg-og l\u00e6ringsoplevelser.<\/p>\n<p><strong>Alder: 3,5 &#8211; 5 \u00e5r<\/strong><\/p>\n<p>[\/et_pb_text][\/et_pb_column][\/et_pb_row][\/et_pb_section][et_pb_section fb_built=&#8221;1&#8243; _builder_version=&#8221;4.21.0&#8243; _module_preset=&#8221;default&#8221; custom_padding=&#8221;0px||14px|||&#8221; global_colors_info=&#8221;{}&#8221;][et_pb_row column_structure=&#8221;2_5,3_5&#8243; _builder_version=&#8221;4.27.5&#8243; _module_preset=&#8221;default&#8221; custom_padding=&#8221;43px||0px|||&#8221; hover_enabled=&#8221;0&#8243; global_colors_info=&#8221;{}&#8221; sticky_enabled=&#8221;0&#8243;][et_pb_column type=&#8221;2_5&#8243; _builder_version=&#8221;4.21.0&#8243; _module_preset=&#8221;default&#8221; global_colors_info=&#8221;{}&#8221;][et_pb_image src=&#8221;https:\/\/dkhadersleben.dk\/wp-content\/uploads\/2023\/07\/front-view-children-playing-together-kindergarten-1-scaled.jpg&#8221; title_text=&#8221;front-view-b\u00f8rn-leger-sammen-b\u00f8rnehave (1)&#8221; _builder_version=&#8221;4.21.0&#8243; _module_preset=&#8221;default&#8221; global_colors_info=&#8221;{}&#8221;][\/et_pb_image][\/et_pb_column][et_pb_column type=&#8221;3_5&#8243; _builder_version=&#8221;4.21.0&#8243; _module_preset=&#8221;default&#8221; global_colors_info=&#8221;{}&#8221;][et_pb_text ul_item_indent=&#8221;11px&#8221; _builder_version=&#8221;4.21.0&#8243; _module_preset=&#8221;default&#8221; ul_text_color=&#8221;#009B91&#8243; ul_line_height=&#8221;1.2em&#8221; global_colors_info=&#8221;{}&#8221;]<\/p>\n<h2><strong>Trolle<\/strong><\/h2>\n<p>I Trollegruppen har vi b\u00f8rnehavens \u201estore\u201c b\u00f8rn. Trollene bliver f\u00f8lget ad af de voksen og st\u00f8ttet b\u00e5de i deres kompetencer og daglige udfordringer.<\/p>\n<p>P\u00e5 den m\u00e5de fremmer vi b\u00f8rnenes tillid til sig selv og deres omverden.<\/p>\n<p>Gennem det t\u00e6tte samarbejde med 0. klasse i Deutsche Schule Hadersleben, forberedes b\u00f8rnene p\u00e5 skolens regler og f\u00e5r en indblik i skolens dagligdag. P\u00e5 den m\u00e5de bliver det til en flydende overgang, hvilket g\u00f8r det nemmere for b\u00f8rnene at v\u00e6nne sig til skolen.<\/p>\n<p>Hos trollene har vi et \u00f8nske om, at b\u00e5de b\u00f8rn og for\u00e6ldre f\u00f8ler sig velkommen og godt modtaget.<\/p>\n<p><strong>Alder: 4 &#8211; 6 \u00e5r<\/strong><\/p>\n<p>[\/et_pb_text][\/et_pb_column][\/et_pb_row][\/et_pb_section]<\/p>\n","protected":false},"excerpt":{"rendered":"<p>VORES GRUPPERD\u00e4umlinge I D\u00e4umlinge gruppen l\u00e6gger vi v\u00e6gt p\u00e5 det relationelle arbejde mellem de voksne og b\u00f8rnene og samarbejde med for\u00e6ldrene. I gruppen l\u00e6gges grundstenen for den begyndende sproglige udvikling og b\u00f8rnene v\u00e6nnes lige s\u00e5 stille til husets daglige rytme som bl.a. faste sove- og spisetider. Hos D\u00e4umlinge er barnets trivsel det mest centrale emne. [&hellip;]<\/p>\n","protected":false},"author":1,"featured_media":0,"parent":0,"menu_order":0,"comment_status":"closed","ping_status":"closed","template":"","meta":{"_et_pb_use_builder":"on","_et_pb_old_content":"","_et_gb_content_width":"","footnotes":""},"class_list":["post-486","page","type-page","status-publish","hentry"],"_links":{"self":[{"href":"https:\/\/dkhadersleben.dk\/da\/wp-json\/wp\/v2\/pages\/486","targetHints":{"allow":["GET"]}}],"collection":[{"href":"https:\/\/dkhadersleben.dk\/da\/wp-json\/wp\/v2\/pages"}],"about":[{"href":"https:\/\/dkhadersleben.dk\/da\/wp-json\/wp\/v2\/types\/page"}],"author":[{"embeddable":true,"href":"https:\/\/dkhadersleben.dk\/da\/wp-json\/wp\/v2\/users\/1"}],"replies":[{"embeddable":true,"href":"https:\/\/dkhadersleben.dk\/da\/wp-json\/wp\/v2\/comments?post=486"}],"version-history":[{"count":5,"href":"https:\/\/dkhadersleben.dk\/da\/wp-json\/wp\/v2\/pages\/486\/revisions"}],"predecessor-version":[{"id":7950,"href":"https:\/\/dkhadersleben.dk\/da\/wp-json\/wp\/v2\/pages\/486\/revisions\/7950"}],"wp:attachment":[{"href":"https:\/\/dkhadersleben.dk\/da\/wp-json\/wp\/v2\/media?parent=486"}],"curies":[{"name":"wp","href":"https:\/\/api.w.org\/{rel}","templated":true}]}}